{"id":7025,"date":"2024-08-20T10:37:25","date_gmt":"2024-08-20T08:37:25","guid":{"rendered":"https:\/\/stiller-karosserie.de\/jobs\/fachowcow-z-branzy-motoryzacyjnej-m-k-d\/"},"modified":"2024-08-20T11:37:19","modified_gmt":"2024-08-20T09:37:19","slug":"fachowcow-z-branzy-motoryzacyjnej-m-k-d","status":"publish","type":"avada_portfolio","link":"https:\/\/stiller-karosserie.de\/pl\/portfolio-items\/fachowcow-z-branzy-motoryzacyjnej-m-k-d\/","title":{"rendered":"Fachowc\u00f3w z bran\u017cy motoryzacyjnej (m\/k\/d)"},"content":{"rendered":"<div class=\"fusion-fullwidth fullwidth-box fusion-builder-row-1 fusion-flex-container has-pattern-background has-mask-background nonhundred-percent-fullwidth non-hundred-percent-height-scrolling\" style=\"--awb-border-radius-top-left:0px;--awb-border-radius-top-right:0px;--awb-border-radius-bottom-right:0px;--awb-border-radius-bottom-left:0px;--awb-flex-wrap:wrap;\" ><div class=\"fusion-builder-row fusion-row fusion-flex-align-items-flex-start fusion-flex-content-wrap\" style=\"max-width:1216.8px;margin-left: calc(-4% \/ 2 );margin-right: calc(-4% \/ 2 );\"><div class=\"fusion-layout-column fusion_builder_column fusion-builder-column-0 fusion_builder_column_1_1 1_1 fusion-flex-column\" style=\"--awb-bg-size:cover;--awb-width-large:100%;--awb-margin-top-large:0px;--awb-spacing-right-large:1.92%;--awb-margin-bottom-large:20px;--awb-spacing-left-large:1.92%;--awb-width-medium:100%;--awb-order-medium:0;--awb-spacing-right-medium:1.92%;--awb-spacing-left-medium:1.92%;--awb-width-small:100%;--awb-order-small:0;--awb-spacing-right-small:1.92%;--awb-spacing-left-small:1.92%;\"><div class=\"fusion-column-wrapper fusion-column-has-shadow fusion-flex-justify-content-flex-start fusion-content-layout-column\"><div class=\"fusion-text fusion-text-1\"><h4 class=\"fusion-responsive-typography-calculated\" style=\"text-align: left; --fontsize: 28; line-height: 1.25;\" data-fontsize=\"28\" data-lineheight=\"35px\">Fachowc\u00f3w z bran\u017cy motoryzacyjnej (m\/k\/d)<\/h4>\n<\/div><div class=\"fusion-separator fusion-full-width-sep\" style=\"align-self: center;margin-left: auto;margin-right: auto;margin-top:20px;width:100%;\"><\/div><div class=\"fusion-text fusion-text-2 fusion-text-no-margin\" style=\"--awb-font-size:25px;--awb-line-height:var(--awb-typography2-line-height);--awb-letter-spacing:var(--awb-typography2-letter-spacing);--awb-text-transform:var(--awb-typography2-text-transform);--awb-text-color:var(--awb-custom_color_1);--awb-margin-bottom:0px;--awb-text-font-family:var(--awb-typography2-font-family);--awb-text-font-weight:var(--awb-typography2-font-weight);--awb-text-font-style:var(--awb-typography2-font-style);\"><p>O nas:<\/p>\n<\/div><div class=\"fusion-text fusion-text-3\" style=\"--awb-margin-top:0px;\"><ul>\n<li>Jeste\u015bmy firm\u0105 rodzinn\u0105 prowadzon\u0105 w trzecim pokoleniu, kt\u00f3r\u0105 charakteryzuje najnowocze\u015bniejsza technologia i du\u017ce do\u015bwiadczenie w bran\u017cy motoryzacyjnej. Nasza firma, zlokalizowana w bliskiej odleg\u0142o\u015bci od miasta M\u00fcnster, oferuje us\u0142ugi dla r\u00f3\u017cnych typ\u00f3w pojazd\u00f3w &#8211; od samochod\u00f3w nowych po samochody zabytkowe. Nasza baza klient\u00f3w obejmuje g\u0142\u00f3wnie klient\u00f3w korporacyjnych, kt\u00f3rzy leasinguj\u0105 pojazdy nie starsze ni\u017c trzy lata. U nas mo\u017cesz spodziewa\u0107 si\u0119 rodzinnego, t\u0119tni\u0105cego \u017cyciem i wielokulturowego \u015brodowiska pracy z kolegami z r\u00f3\u017cnych kraj\u00f3w, w tym z Portugalii, Hiszpanii, Niemiec, Tajlandii, Polski, Iranu i Ukrainy.   <\/li>\n<\/ul>\n<\/div><div class=\"fusion-text fusion-text-4 fusion-text-no-margin\" style=\"--awb-font-size:25px;--awb-line-height:var(--awb-typography2-line-height);--awb-letter-spacing:var(--awb-typography2-letter-spacing);--awb-text-transform:var(--awb-typography2-text-transform);--awb-text-color:var(--awb-custom_color_1);--awb-margin-bottom:0px;--awb-text-font-family:var(--awb-typography2-font-family);--awb-text-font-weight:var(--awb-typography2-font-weight);--awb-text-font-style:var(--awb-typography2-font-style);\"><p>Twoje zadania:<\/p>\n<\/div><div class=\"fusion-text fusion-text-5\" style=\"--awb-margin-top:0px;\"><ul>\n<li>Sporz\u0105dzanie protoko\u0142\u00f3w uszkodze\u0144 pojazd\u00f3w po wypadkach lub uszkodzeniach<\/li>\n<li>Przeprowadzanie wycen i wycen pojazd\u00f3w<\/li>\n<li>Komunikacja z klientami, firmami ubezpieczeniowymi i warsztatami w celu wyja\u015bnienia roszcze\u0144<\/li>\n<li>Dokumentacja i kalkulacja koszt\u00f3w naprawy z uwzgl\u0119dnieniem aktualnych cen rynkowych<\/li>\n<li>Wsparcie klient\u00f3w w procesie rozpatrywania roszcze\u0144 oraz doradztwo w kwestiach ubezpieczeniowych<\/li>\n<li>Zapewnienie jako\u015bci i weryfikacja napraw po ich przeprowadzeniu<\/li>\n<\/ul>\n<\/div><div class=\"fusion-text fusion-text-6 fusion-text-no-margin\" style=\"--awb-font-size:25px;--awb-line-height:var(--awb-typography2-line-height);--awb-letter-spacing:var(--awb-typography2-letter-spacing);--awb-text-transform:var(--awb-typography2-text-transform);--awb-text-color:var(--awb-custom_color_1);--awb-margin-bottom:0px;--awb-text-font-family:var(--awb-typography2-font-family);--awb-text-font-weight:var(--awb-typography2-font-weight);--awb-text-font-style:var(--awb-typography2-font-style);\"><p><strong>Tw\u00f3j profil\/kwalifikacje:<\/strong><\/p>\n<\/div><div class=\"fusion-text fusion-text-7\" style=\"--awb-margin-top:0px;\"><ul>\n<li>Uko\u0144czone szkolenie jako specjalista ds. pojazd\u00f3w, mistrz rzemios\u0142a pojazd\u00f3w lub posiadaj\u0105ce por\u00f3wnywalne kwalifikacje<\/li>\n<li>Dobra znajomo\u015b\u0107 technologii pojazd\u00f3w, szczeg\u00f3lnie w odniesieniu do nowoczesnych pojazd\u00f3w i metod napraw<\/li>\n<li>Do\u015bwiadczenie w obs\u0142udze program\u00f3w do oceny szk\u00f3d i program\u00f3w obliczeniowych<\/li>\n<li>Wysokie umiej\u0119tno\u015bci komunikacyjne i orientacja na klienta<\/li>\n<li>Staranny i precyzyjny spos\u00f3b pracy, nawet pod presj\u0105 czasu<\/li>\n<li>Dobra znajomo\u015b\u0107 j\u0119zyka niemieckiego w mowie i pi\u015bmie; Znajomo\u015b\u0107 j\u0119zyka angielskiego lub innego j\u0119zyka obcego b\u0119dzie zalet\u0105<\/li>\n<li>Umiej\u0119tno\u015b\u0107 pracy w zespole i ch\u0119\u0107 ci\u0105g\u0142ego dokszta\u0142cania si\u0119<\/li>\n<\/ul>\n<\/div><div class=\"fusion-text fusion-text-8 fusion-text-no-margin\" style=\"--awb-font-size:25px;--awb-line-height:var(--awb-typography2-line-height);--awb-letter-spacing:var(--awb-typography2-letter-spacing);--awb-text-transform:var(--awb-typography2-text-transform);--awb-text-color:var(--awb-custom_color_1);--awb-margin-bottom:0px;--awb-text-font-family:var(--awb-typography2-font-family);--awb-text-font-weight:var(--awb-typography2-font-weight);--awb-text-font-style:var(--awb-typography2-font-style);\"><p>Oferujemy:<\/p>\n<\/div><div class=\"fusion-text fusion-text-9\" style=\"--awb-margin-top:0px;\"><ul>\n<li>4-miesi\u0119czny okres pr\u00f3bny z mo\u017cliwo\u015bci\u0105 sta\u0142ego przed\u0142u\u017cenia umowy<\/li>\n<li>Umowa o prac\u0119 na pe\u0142ny etat (40 godzin tygodniowo), soboty i niedziele wolne<\/li>\n<li>Konkurencyjne wynagrodzenie powy\u017cej \u015bredniej w bran\u017cy<\/li>\n<li>Kompleksowe ubezpieczenie zdrowotne oraz dodatkowe ubezpieczenie stomatologiczne<\/li>\n<li>Dwa kolejne szkolenia finansowane co roku przez firm\u0119 w celu doskonalenia zawodowego<\/li>\n<li>W przypadku przed\u0142u\u017cenia umowy na czas nieokre\u015blony oferujemy pracodawcy sk\u0142adk\u0119 w wysoko\u015bci 25-30% na zak\u0142adowy plan emerytalny<\/li>\n<li>Przyjazne, dynamiczne i wielokulturowe \u015brodowisko pracy<\/li>\n<\/ul>\n<\/div><div class=\"fusion-text fusion-text-10 fusion-text-no-margin\" style=\"--awb-font-size:25px;--awb-line-height:var(--awb-typography2-line-height);--awb-letter-spacing:var(--awb-typography2-letter-spacing);--awb-text-transform:var(--awb-typography2-text-transform);--awb-text-color:var(--awb-custom_color_1);--awb-margin-bottom:0px;--awb-text-font-family:var(--awb-typography2-font-family);--awb-text-font-weight:var(--awb-typography2-font-weight);--awb-text-font-style:var(--awb-typography2-font-style);\"><p>Jaki jest nast\u0119pny krok?<\/p>\n<\/div><div class=\"fusion-text fusion-text-11\" style=\"--awb-margin-top:0px;\"><ul>\n<li>Mo\u017cesz aplikowa\u0107 bezpo\u015brednio na naszej stronie po\u015bwi\u0119conej karierom lub wys\u0142a\u0107 e-mail na adres <a href=\"mailto:tori@stiller-karosserie.de\">tori@stiller-karosserie.de<\/a>. Je\u015bli chcesz dowiedzie\u0107 si\u0119 wi\u0119cej o naszej firmie i kulturze pracy, zajrzyj e <a href=\"https:\/\/stiller-karosserie.de\/pl\/o-nas\/\">tutaj<\/a> lub zajrzyj na nasze kana\u0142y w mediach spo\u0142eczno\u015bciowych! <\/li>\n<\/ul>\n<\/div><\/div><\/div><\/div><\/div>\n","protected":false},"excerpt":{"rendered":"","protected":false},"author":2,"featured_media":0,"menu_order":0,"comment_status":"closed","ping_status":"closed","template":"","format":"standard","meta":{"footnotes":""},"portfolio_category":[186],"portfolio_skills":[],"portfolio_tags":[],"class_list":["post-7025","avada_portfolio","type-avada_portfolio","status-publish","format-standard","hentry","portfolio_category-praca"],"yoast_head":"<!-- This site is optimized with the Yoast SEO plugin v26.8 - https:\/\/yoast.com\/product\/yoast-seo-wordpress\/ -->\n<title>Fachowc\u00f3w z bran\u017cy motoryzacyjnej (m\/k\/d) | STILLER<\/title>\n<meta name=\"robots\" content=\"noindex, follow\" \/>\n<meta property=\"og:locale\" content=\"pl_PL\" \/>\n<meta property=\"og:type\" content=\"article\" \/>\n<meta property=\"og:title\" content=\"Fachowc\u00f3w z bran\u017cy motoryzacyjnej (m\/k\/d) | STILLER\" \/>\n<meta property=\"og:url\" content=\"https:\/\/stiller-karosserie.de\/pl\/portfolio-items\/fachowcow-z-branzy-motoryzacyjnej-m-k-d\/\" \/>\n<meta property=\"og:site_name\" content=\"STILLER\" \/>\n<meta property=\"article:publisher\" content=\"https:\/\/www.facebook.com\/people\/Karosseriebau-und-Autolackierei-Stiller\/100063499455041\/\" \/>\n<meta property=\"article:modified_time\" content=\"2024-08-20T09:37:19+00:00\" \/>\n<script type=\"application\/ld+json\" class=\"yoast-schema-graph\">{\"@context\":\"https:\/\/schema.org\",\"@graph\":[{\"@type\":\"WebPage\",\"@id\":\"https:\/\/stiller-karosserie.de\/pl\/portfolio-items\/fachowcow-z-branzy-motoryzacyjnej-m-k-d\/\",\"url\":\"https:\/\/stiller-karosserie.de\/pl\/portfolio-items\/fachowcow-z-branzy-motoryzacyjnej-m-k-d\/\",\"name\":\"Fachowc\u00f3w z bran\u017cy motoryzacyjnej (m\/k\/d) | STILLER\",\"isPartOf\":{\"@id\":\"https:\/\/stiller-karosserie.de\/pl\/#website\"},\"datePublished\":\"2024-08-20T08:37:25+00:00\",\"dateModified\":\"2024-08-20T09:37:19+00:00\",\"breadcrumb\":{\"@id\":\"https:\/\/stiller-karosserie.de\/pl\/portfolio-items\/fachowcow-z-branzy-motoryzacyjnej-m-k-d\/#breadcrumb\"},\"inLanguage\":\"pl-PL\",\"potentialAction\":[{\"@type\":\"ReadAction\",\"target\":[\"https:\/\/stiller-karosserie.de\/pl\/portfolio-items\/fachowcow-z-branzy-motoryzacyjnej-m-k-d\/\"]}]},{\"@type\":\"BreadcrumbList\",\"@id\":\"https:\/\/stiller-karosserie.de\/pl\/portfolio-items\/fachowcow-z-branzy-motoryzacyjnej-m-k-d\/#breadcrumb\",\"itemListElement\":[{\"@type\":\"ListItem\",\"position\":1,\"name\":\"Startseite\",\"item\":\"https:\/\/stiller-karosserie.de\/pl\/home\/\"},{\"@type\":\"ListItem\",\"position\":2,\"name\":\"Portfolio\",\"item\":\"https:\/\/stiller-karosserie.de\/pl\/portfolio-items\/\"},{\"@type\":\"ListItem\",\"position\":3,\"name\":\"Fachowc\u00f3w z bran\u017cy motoryzacyjnej (m\/k\/d)\"}]},{\"@type\":\"WebSite\",\"@id\":\"https:\/\/stiller-karosserie.de\/pl\/#website\",\"url\":\"https:\/\/stiller-karosserie.de\/pl\/\",\"name\":\"Stiller - Autolackiererei und Karosseriewerkstatt\",\"description\":\"Fachwerkstatt f\u00fcr Karosseriebau und Fahrzeuglackierung in M\u00fcnster-Nienberge\",\"publisher\":{\"@id\":\"https:\/\/stiller-karosserie.de\/pl\/#organization\"},\"potentialAction\":[{\"@type\":\"SearchAction\",\"target\":{\"@type\":\"EntryPoint\",\"urlTemplate\":\"https:\/\/stiller-karosserie.de\/pl\/?s={search_term_string}\"},\"query-input\":{\"@type\":\"PropertyValueSpecification\",\"valueRequired\":true,\"valueName\":\"search_term_string\"}}],\"inLanguage\":\"pl-PL\"},{\"@type\":\"Organization\",\"@id\":\"https:\/\/stiller-karosserie.de\/pl\/#organization\",\"name\":\"Stiller Karosseriebau und Fahrzeuglackierung\",\"url\":\"https:\/\/stiller-karosserie.de\/pl\/\",\"logo\":{\"@type\":\"ImageObject\",\"inLanguage\":\"pl-PL\",\"@id\":\"https:\/\/stiller-karosserie.de\/pl\/#\/schema\/logo\/image\/\",\"url\":\"https:\/\/stiller-karosserie.de\/wp-content\/uploads\/2021\/03\/skl_logo_400.png\",\"contentUrl\":\"https:\/\/stiller-karosserie.de\/wp-content\/uploads\/2021\/03\/skl_logo_400.png\",\"width\":400,\"height\":214,\"caption\":\"Stiller Karosseriebau und Fahrzeuglackierung\"},\"image\":{\"@id\":\"https:\/\/stiller-karosserie.de\/pl\/#\/schema\/logo\/image\/\"},\"sameAs\":[\"https:\/\/www.facebook.com\/people\/Karosseriebau-und-Autolackierei-Stiller\/100063499455041\/\",\"https:\/\/www.instagram.com\/stiller_karosseriebau\/\"]}]}<\/script>\n<!-- \/ Yoast SEO plugin. -->","yoast_head_json":{"title":"Fachowc\u00f3w z bran\u017cy motoryzacyjnej (m\/k\/d) | STILLER","robots":{"index":"noindex","follow":"follow"},"og_locale":"pl_PL","og_type":"article","og_title":"Fachowc\u00f3w z bran\u017cy motoryzacyjnej (m\/k\/d) | STILLER","og_url":"https:\/\/stiller-karosserie.de\/pl\/portfolio-items\/fachowcow-z-branzy-motoryzacyjnej-m-k-d\/","og_site_name":"STILLER","article_publisher":"https:\/\/www.facebook.com\/people\/Karosseriebau-und-Autolackierei-Stiller\/100063499455041\/","article_modified_time":"2024-08-20T09:37:19+00:00","schema":{"@context":"https:\/\/schema.org","@graph":[{"@type":"WebPage","@id":"https:\/\/stiller-karosserie.de\/pl\/portfolio-items\/fachowcow-z-branzy-motoryzacyjnej-m-k-d\/","url":"https:\/\/stiller-karosserie.de\/pl\/portfolio-items\/fachowcow-z-branzy-motoryzacyjnej-m-k-d\/","name":"Fachowc\u00f3w z bran\u017cy motoryzacyjnej (m\/k\/d) | STILLER","isPartOf":{"@id":"https:\/\/stiller-karosserie.de\/pl\/#website"},"datePublished":"2024-08-20T08:37:25+00:00","dateModified":"2024-08-20T09:37:19+00:00","breadcrumb":{"@id":"https:\/\/stiller-karosserie.de\/pl\/portfolio-items\/fachowcow-z-branzy-motoryzacyjnej-m-k-d\/#breadcrumb"},"inLanguage":"pl-PL","potentialAction":[{"@type":"ReadAction","target":["https:\/\/stiller-karosserie.de\/pl\/portfolio-items\/fachowcow-z-branzy-motoryzacyjnej-m-k-d\/"]}]},{"@type":"BreadcrumbList","@id":"https:\/\/stiller-karosserie.de\/pl\/portfolio-items\/fachowcow-z-branzy-motoryzacyjnej-m-k-d\/#breadcrumb","itemListElement":[{"@type":"ListItem","position":1,"name":"Startseite","item":"https:\/\/stiller-karosserie.de\/pl\/home\/"},{"@type":"ListItem","position":2,"name":"Portfolio","item":"https:\/\/stiller-karosserie.de\/pl\/portfolio-items\/"},{"@type":"ListItem","position":3,"name":"Fachowc\u00f3w z bran\u017cy motoryzacyjnej (m\/k\/d)"}]},{"@type":"WebSite","@id":"https:\/\/stiller-karosserie.de\/pl\/#website","url":"https:\/\/stiller-karosserie.de\/pl\/","name":"Stiller - Autolackiererei und Karosseriewerkstatt","description":"Fachwerkstatt f\u00fcr Karosseriebau und Fahrzeuglackierung in M\u00fcnster-Nienberge","publisher":{"@id":"https:\/\/stiller-karosserie.de\/pl\/#organization"},"potentialAction":[{"@type":"SearchAction","target":{"@type":"EntryPoint","urlTemplate":"https:\/\/stiller-karosserie.de\/pl\/?s={search_term_string}"},"query-input":{"@type":"PropertyValueSpecification","valueRequired":true,"valueName":"search_term_string"}}],"inLanguage":"pl-PL"},{"@type":"Organization","@id":"https:\/\/stiller-karosserie.de\/pl\/#organization","name":"Stiller Karosseriebau und Fahrzeuglackierung","url":"https:\/\/stiller-karosserie.de\/pl\/","logo":{"@type":"ImageObject","inLanguage":"pl-PL","@id":"https:\/\/stiller-karosserie.de\/pl\/#\/schema\/logo\/image\/","url":"https:\/\/stiller-karosserie.de\/wp-content\/uploads\/2021\/03\/skl_logo_400.png","contentUrl":"https:\/\/stiller-karosserie.de\/wp-content\/uploads\/2021\/03\/skl_logo_400.png","width":400,"height":214,"caption":"Stiller Karosseriebau und Fahrzeuglackierung"},"image":{"@id":"https:\/\/stiller-karosserie.de\/pl\/#\/schema\/logo\/image\/"},"sameAs":["https:\/\/www.facebook.com\/people\/Karosseriebau-und-Autolackierei-Stiller\/100063499455041\/","https:\/\/www.instagram.com\/stiller_karosseriebau\/"]}]}},"_links":{"self":[{"href":"https:\/\/stiller-karosserie.de\/pl\/wp-json\/wp\/v2\/avada_portfolio\/7025","targetHints":{"allow":["GET"]}}],"collection":[{"href":"https:\/\/stiller-karosserie.de\/pl\/wp-json\/wp\/v2\/avada_portfolio"}],"about":[{"href":"https:\/\/stiller-karosserie.de\/pl\/wp-json\/wp\/v2\/types\/avada_portfolio"}],"author":[{"embeddable":true,"href":"https:\/\/stiller-karosserie.de\/pl\/wp-json\/wp\/v2\/users\/2"}],"replies":[{"embeddable":true,"href":"https:\/\/stiller-karosserie.de\/pl\/wp-json\/wp\/v2\/comments?post=7025"}],"version-history":[{"count":9,"href":"https:\/\/stiller-karosserie.de\/pl\/wp-json\/wp\/v2\/avada_portfolio\/7025\/revisions"}],"predecessor-version":[{"id":7071,"href":"https:\/\/stiller-karosserie.de\/pl\/wp-json\/wp\/v2\/avada_portfolio\/7025\/revisions\/7071"}],"wp:attachment":[{"href":"https:\/\/stiller-karosserie.de\/pl\/wp-json\/wp\/v2\/media?parent=7025"}],"wp:term":[{"taxonomy":"portfolio_category","embeddable":true,"href":"https:\/\/stiller-karosserie.de\/pl\/wp-json\/wp\/v2\/portfolio_category?post=7025"},{"taxonomy":"portfolio_skills","embeddable":true,"href":"https:\/\/stiller-karosserie.de\/pl\/wp-json\/wp\/v2\/portfolio_skills?post=7025"},{"taxonomy":"portfolio_tags","embeddable":true,"href":"https:\/\/stiller-karosserie.de\/pl\/wp-json\/wp\/v2\/portfolio_tags?post=7025"}],"curies":[{"name":"wp","href":"https:\/\/api.w.org\/{rel}","templated":true}]}}